{"id":26304,"date":"2025-10-05T15:47:57","date_gmt":"2025-10-05T18:47:57","guid":{"rendered":"https:\/\/www.lu4aa.org\/wp\/?page_id=26304"},"modified":"2025-11-21T16:00:25","modified_gmt":"2025-11-21T19:00:25","slug":"16-jornada-radial-ferroviaria-argentina","status":"publish","type":"page","link":"https:\/\/www.lu4aa.org\/wp\/16-jornada-radial-ferroviaria-argentina\/","title":{"rendered":"16\u00b0 Jornada Radial Ferroviaria Argentina"},"content":{"rendered":"\n<p class=\"has-medium-font-size\">El Radio Club Argentino convoca a Radioaficionados, Radio Clubes y Grupos de Radio a participar de la <strong>16\u00ba Jornada Radial Ferroviaria Argentina<\/strong>, que se llevar\u00e1 a cabo los d\u00edas <strong>21, 22, 23 y 24 de noviembre de 2025<\/strong>.<\/p>\n\n\n\n<p class=\"has-medium-font-size\">Revis\u00e1 las <a href=\"https:\/\/www.lu4aa.org\/wp\/def-bases\/\" target=\"_blank\" rel=\"noreferrer noopener\">condiciones del Programa<\/a> y luego<\/p>\n\n\n\n<div class=\"wp-block-buttons is-content-justification-center is-layout-flex wp-container-core-buttons-is-layout-16018d1d wp-block-buttons-is-layout-flex\">\n<div class=\"wp-block-button\"><a class=\"wp-block-button__link has-vivid-red-background-color has-background has-text-align-center wp-element-button\" href=\"https:\/\/www.lu4aa.org\/wp\/formulario-de-activacion-ferroviaria\/\" target=\"_blank\" rel=\"noreferrer noopener\"><strong>Reserv\u00e1 tu estaci\u00f3n<\/strong><\/a><\/div>\n<\/div>\n\n\n\n<div style=\"height:26px\" aria-hidden=\"true\" class=\"wp-block-spacer\"><\/div>\n\n\n\n<script src=\"https:\/\/legacy.lu4aa.org\/shared\/autosize.js?listen\"><\/script>\n<p><iframe loading=\"lazy\" id=\"CustomIframe\" style=\"width: 100%; border: none; min-height: 500px;\" src=\"https:\/\/legacy.lu4aa.org\/def_locations.php?zoom=4&amp;hidetable=1&amp;list=DEF362D,DEF038V,DEF487D,DEF488D,DEF383D,DEF006GA,DEF032M,DEF003D,DEF018J,DEF019J,DEF003O,DEF410D,DEF033W,DEF005U,DEF481D\n\" scrolling=\"no\" width=\"300\" height=\"150\" frameborder=\"0\"><\/iframe><\/p>\n\n\n\n<h2 class=\"wp-block-heading has-text-align-center\">Estaciones participantes<\/h2>\n\n\n\n<table id=\"tablepress-137\" class=\"tablepress tablepress-id-137\">\n<thead>\n<tr class=\"row-1\">\n\t<th class=\"column-1\">Referencia<\/th><th class=\"column-2\">Estaci\u00f3n<\/th><th class=\"column-3\">Fecha<\/th><th class=\"column-4\">Responsable<\/th><th class=\"column-5\">Correo electr\u00f3nico<\/th><th class=\"column-6\">Radio Club o Grupo<\/th><th class=\"column-7\">Puntos Marat\u00f3n<\/th><th class=\"column-8\">Contactos registrados<\/th><th class=\"column-9\">Estado<\/th>\n<\/tr>\n<\/thead>\n<tbody class=\"row-striping row-hover\">\n<tr class=\"row-2\">\n\t<td class=\"column-1\">DEF362D<\/td><td class=\"column-2\">Fulton<\/td><td class=\"column-3\">22 y 23\/11<\/td><td class=\"column-4\">Marcelo Cerdeira - LU2EPP<\/td><td class=\"column-5\">&#x6c;&#x75;&#x32;&#x65;&#x70;&#x70;&#x40;&#x6c;&#x75;&#x34;&#x61;&#x61;&#x2e;&#x6f;&#114;&#103;<\/td><td class=\"column-6\">RCA<\/td><td class=\"column-7\">100<\/td><td class=\"column-8\">103<\/td><td class=\"column-9\">acreditada<\/td>\n<\/tr>\n<tr class=\"row-3\">\n\t<td class=\"column-1\">DEF038V<\/td><td class=\"column-2\">Empalme 648<\/td><td class=\"column-3\">22 y 23\/11<\/td><td class=\"column-4\">Marina Diaz - LU1VYL<\/td><td class=\"column-5\">&#x6c;u&#x31;&#118;y&#x6c;&#64;&#x6c;&#x75;4&#x61;&#97;&#46;&#x6f;&#114;&#x67;<\/td><td class=\"column-6\">RCs de R\u00edo Negro<\/td><td class=\"column-7\">100<\/td><td class=\"column-8\">258<\/td><td class=\"column-9\">acreditada<\/td>\n<\/tr>\n<tr class=\"row-4\">\n\t<td class=\"column-1\">DEF487D<\/td><td class=\"column-2\">Gral Rivas<\/td><td class=\"column-3\">21 al 23\/11<\/td><td class=\"column-4\">C\u00e9sar An\u00edbal Mart\u00edn - LW6DCA<\/td><td class=\"column-5\">&#108;&#x75;5&#100;&#x61;&#64;&#108;&#x75;5&#100;&#x61;&#46;&#111;&#x72;g&#46;&#x61;<\/td><td class=\"column-6\">RC R\u00edo de la Plata<\/td><td class=\"column-7\">200<\/td><td class=\"column-8\">738<\/td><td class=\"column-9\">acreditada<\/td>\n<\/tr>\n<tr class=\"row-5\">\n\t<td class=\"column-1\">DEF488D<\/td><td class=\"column-2\">Zelaya<\/td><td class=\"column-3\">21 al 24\/11<\/td><td class=\"column-4\">Martin Garcia - LU9DMG<\/td><td class=\"column-5\">l&#117;&#x37;&#x64;&#x7a;v&#64;&#x67;&#x6d;&#x61;i&#108;&#x2e;&#x63;&#x6f;m<\/td><td class=\"column-6\">RC Gral Sarmiento<\/td><td class=\"column-7\">100<\/td><td class=\"column-8\">358<\/td><td class=\"column-9\">acreditada<\/td>\n<\/tr>\n<tr class=\"row-6\">\n\t<td class=\"column-1\">DEF383D<\/td><td class=\"column-2\">Gardey<\/td><td class=\"column-3\">23\/11\/25<\/td><td class=\"column-4\">Alfredo Domingues - LU6DAJ<\/td><td class=\"column-5\">&#108;&#x75;&#x32;&#101;&#x65;&#x40;y&#x61;&#x68;o&#111;&#x2e;c&#111;&#x6d;&#46;&#97;&#x72;<\/td><td class=\"column-6\">RC Tandil<\/td><td class=\"column-7\">100<\/td><td class=\"column-8\">225<\/td><td class=\"column-9\">acreditada<\/td>\n<\/tr>\n<tr class=\"row-7\">\n\t<td class=\"column-1\">DEF006GA<\/td><td class=\"column-2\">Lapachito<\/td><td class=\"column-3\">22 y 23\/11<\/td><td class=\"column-4\">Juan Matto - LU1GDG<\/td><td class=\"column-5\">&#x6c;&#x75;&#52;gf&#x40;&#x79;&#97;&#104;o&#x6f;&#x2e;&#99;&#111;m&#x2e;&#x61;&#x72;<\/td><td class=\"column-6\">Chaco RC<\/td><td class=\"column-7\">100<\/td><td class=\"column-8\">211<\/td><td class=\"column-9\">acreditada<\/td>\n<\/tr>\n<tr class=\"row-8\">\n\t<td class=\"column-1\">DEF032M<\/td><td class=\"column-2\">La Batra<\/td><td class=\"column-3\">21 al 24\/11<\/td><td class=\"column-4\">Andr\u00e9s Travaini - LU3HO<\/td><td class=\"column-5\">&#x61;&#110;d&#x72;&#101;s&#x74;&#114;a&#x76;&#97;i&#x6e;&#105;&#64;&#x67;&#x6d;a&#x69;&#x6c;&#46;&#x63;&#x6f;&#109;<\/td><td class=\"column-6\">Marlarg\u00fce RC<\/td><td class=\"column-7\">100<\/td><td class=\"column-8\"><\/td><td class=\"column-9\">cancelada<\/td>\n<\/tr>\n<tr class=\"row-9\">\n\t<td class=\"column-1\">DEF001I<\/td><td class=\"column-2\">Posadas<\/td><td class=\"column-3\">22 y 23\/11<\/td><td class=\"column-4\">Roberto Canepa - LU1IBA<\/td><td class=\"column-5\">i&#110;&#x66;&#x6f;&#46;&#108;&#x75;&#x31;i&#103;&#x40;&#x67;m&#97;&#x69;&#x6c;&#46;&#99;&#x6f;&#x6d;<\/td><td class=\"column-6\">RC Posadas<\/td><td class=\"column-7\">100<\/td><td class=\"column-8\"><\/td><td class=\"column-9\">cancelada<\/td>\n<\/tr>\n<tr class=\"row-10\">\n\t<td class=\"column-1\">DEF003D<\/td><td class=\"column-2\">Bah\u00eda Blanca Sud<\/td><td class=\"column-3\">22\/11\/25<\/td><td class=\"column-4\">Mario Fazio - LU4EOU<\/td><td class=\"column-5\">s&#101;&#x63;&#x72;&#x65;t&#97;&#x72;&#x69;&#x61;&#46;&#108;&#x75;&#x37;&#x64;b&#108;&#x40;&#x67;&#x6d;a&#105;&#x6c;&#x2e;&#x63;o&#109;<\/td><td class=\"column-6\">RC Bah\u00eda Blanca<\/td><td class=\"column-7\">100<\/td><td class=\"column-8\">129<\/td><td class=\"column-9\">acreditada<\/td>\n<\/tr>\n<tr class=\"row-11\">\n\t<td class=\"column-1\">DEF018J<\/td><td class=\"column-2\">La Clarita<\/td><td class=\"column-3\">22\/11\/25<\/td><td class=\"column-4\">Adhemar Enzo Guiffrey - LU4JEA<\/td><td class=\"column-5\">&#108;u&#52;j&#101;a&#x40;g&#x6d;a&#x69;l&#x2e;c&#x6f;m<\/td><td class=\"column-6\">RC Concepci\u00f3n del Uruguay<\/td><td class=\"column-7\">100<\/td><td class=\"column-8\">262<\/td><td class=\"column-9\">acreditada<\/td>\n<\/tr>\n<tr class=\"row-12\">\n\t<td class=\"column-1\">DEF019J<\/td><td class=\"column-2\">Arroyo Baru<\/td><td class=\"column-3\">23\/11\/25<\/td><td class=\"column-4\">Adhemar Enzo Guiffrey - LU4JEA<\/td><td class=\"column-5\">&#x6c;&#117;&#52;&#x6a;&#x65;&#97;&#64;&#x67;&#x6d;&#97;&#105;&#x6c;&#x2e;&#99;&#111;&#x6d;<\/td><td class=\"column-6\">RC Concepci\u00f3n del Uruguay<\/td><td class=\"column-7\">100<\/td><td class=\"column-8\">208<\/td><td class=\"column-9\">acreditada<\/td>\n<\/tr>\n<tr class=\"row-13\">\n\t<td class=\"column-1\">DEF003O<\/td><td class=\"column-2\">Alemania<\/td><td class=\"column-3\">23 y 24\/11\/25<\/td><td class=\"column-4\">Mar\u00eda Juliana Isola - LU5OIJ<\/td><td class=\"column-5\">&#108;u&#x35;o&#x69;j&#x2e;j&#x75;&#108;&#x69;&#97;&#x6e;&#97;&#x40;&#103;m&#97;i&#x6c;&#46;&#x63;o&#x6d;<\/td><td class=\"column-6\"><\/td><td class=\"column-7\">100<\/td><td class=\"column-8\">49<\/td><td class=\"column-9\">acreditada<\/td>\n<\/tr>\n<tr class=\"row-14\">\n\t<td class=\"column-1\">DEF410D<\/td><td class=\"column-2\">Dolores<\/td><td class=\"column-3\">22\/11\/2025<\/td><td class=\"column-4\">Gilberto Juan Tuchi - LU8DAL<\/td><td class=\"column-5\">&#x6c;&#x75;&#x38;&#x64;&#x61;&#x6c;&#x40;&#x68;&#x6f;&#x74;&#x6d;&#97;&#105;&#108;&#46;&#99;&#111;&#109;<\/td><td class=\"column-6\">C\u00edrculo de Radiaficionados de Dolores<\/td><td class=\"column-7\">50<\/td><td class=\"column-8\">55<\/td><td class=\"column-9\">acreditada<\/td>\n<\/tr>\n<tr class=\"row-15\">\n\t<td class=\"column-1\">DEF033W<\/td><td class=\"column-2\">Presidente Ortiz (ex Talleres Km 5)<\/td><td class=\"column-3\">22 y 23\/11<\/td><td class=\"column-4\">Marcelo Sinski - LU9WZX<\/td><td class=\"column-5\">&#108;&#x75;&#50;&#x77;&#97;&#x2e;c&#x72;&#64;&#x67;m&#97;&#x69;&#108;&#x2e;&#99;&#x6f;&#109;<\/td><td class=\"column-6\">RC Comodoro Rivadavia<\/td><td class=\"column-7\">100<\/td><td class=\"column-8\">121<\/td><td class=\"column-9\">acreditada<\/td>\n<\/tr>\n<tr class=\"row-16\">\n\t<td class=\"column-1\">DEF005U<\/td><td class=\"column-2\">General Pico<\/td><td class=\"column-3\">22 y 23\/11<\/td><td class=\"column-4\">Federico Mainz - LU5UFM<\/td><td class=\"column-5\">&#x6c;u&#x35;&#117;&#x66;&#109;&#64;&#x67;m&#x61;&#105;&#x6c;&#46;c&#x6f;&#109;<\/td><td class=\"column-6\">RC Pampeano<\/td><td class=\"column-7\">100<\/td><td class=\"column-8\">471<\/td><td class=\"column-9\">acreditada<\/td>\n<\/tr>\n<tr class=\"row-17\">\n\t<td class=\"column-1\">DEF489D<\/td><td class=\"column-2\">La Delfina<\/td><td class=\"column-3\">23\/11\/25<\/td><td class=\"column-4\">Claudio Nicolai - LW3DN<\/td><td class=\"column-5\">&#x6c;&#x77;&#x33;&#100;&#110;&#64;l&#x75;&#x34;&#x61;&#x61;&#46;&#111;rg<\/td><td class=\"column-6\"><\/td><td class=\"column-7\">100<\/td><td class=\"column-8\">210<\/td><td class=\"column-9\">acreditada<\/td>\n<\/tr>\n<tr class=\"row-18\">\n\t<td class=\"column-1\">DEF481D<\/td><td class=\"column-2\">Tandil<\/td><td class=\"column-3\">SUSPENDIDA<\/td><td class=\"column-4\">Pablo Barrios - LU9DBP<\/td><td class=\"column-5\">PABLOLU9&#68;&#66;&#80;&#64;&#71;&#77;&#65;&#73;&#76;&#46;&#x43;&#x4f;&#x4d;<\/td><td class=\"column-6\"><\/td><td class=\"column-7\">100<\/td><td class=\"column-8\"><\/td><td class=\"column-9\">cancelada<\/td>\n<\/tr>\n<\/tbody>\n<\/table>\n<!-- #tablepress-137 from cache -->\n\n\n\n<div style=\"height:32px\" aria-hidden=\"true\" class=\"wp-block-spacer\"><\/div>\n\n\n<h2 style=\"text-align: center;\">Datos de las Activaciones<\/h2>\n<p><!-- \/wp:post-content --><!-- wp:paragraph --><\/p>\n<p class=\"MsoNormal\" style=\"mso-margin-top-alt: auto; mso-margin-bottom-alt: auto;\"><div class=\"su-accordion su-u-trim\"><\/div>\n<p><!-- \/wp:paragraph --><!-- wp:paragraph {\"fontSize\":\"medium\"} --><\/p>\n<p class=\"has-medium-font-size\"><div class=\"su-spoiler su-spoiler-style-fancy su-spoiler-icon-plus su-spoiler-closed\" data-scroll-offset=\"0\" data-anchor-in-url=\"no\"><div class=\"su-spoiler-title\" tabindex=\"0\" role=\"button\"><span class=\"su-spoiler-icon\"><\/span>Estaci\u00f3n Estaci\u00f3n Fulton DEF362D<\/div><div class=\"su-spoiler-content su-u-clearfix su-u-trim\">\n<p><!-- \/wp:paragraph --><\/p>\n<p>Referencia:DEF362D<br>Estado: Inactiva<br>L\u00ednea: Roca<br>Ramal: Tandil\/Ayacucho<br>Localidad \/ Paraje: Fulton<br>Partido \/ Departamento: Tandil<br>GRID Locator: -37.415053<\/p>\n<p><span style=\"font-family: 'Arial',sans-serif;\"><strong>Datos de la Activaci\u00f3n<\/strong><br>Fecha de la activaci\u00f3n: 22\/11\/2025 \u2013 23\/11\/2025<br>Se\u00f1al distintiva a utilizar: la de cada participante<br>Participantes: LU2EPP\/D LU2ADF\/D LU1BCG\/D LU6CAS\/D LU1CUL\/D LU3EFH\/D<br>Modos: Fon\u00eda, CW<br>Bandas: HF, VHF, UHF<br>Responsable de la Activaci\u00f3n: Marcelo Cerdeira &#8211; LU2EPP<br>Radio Club o Grupo: Radio Club Argentino<br>Web o redes sociales: .<br>Confirmaci\u00f3n: .<br>Email:&nbsp;&#x6d;&#97;r&#x63;&#101;&#108;&#x6f;&#x64;&#97;n&#x69;&#101;l&#x63;&#x65;&#114;d&#x65;&#105;r&#x61;&#x40;&#121;a&#x68;&#111;o&#x2e;&#x63;&#111;m&#x2e;&#97;r<br><\/span><\/div><\/div>\n<p><!-- \/wp:paragraph --><!-- wp:paragraph --><\/p>\n<div class=\"su-spoiler su-spoiler-style-fancy su-spoiler-icon-plus su-spoiler-closed\" data-scroll-offset=\"0\" data-anchor-in-url=\"no\"><div class=\"su-spoiler-title\" tabindex=\"0\" role=\"button\"><span class=\"su-spoiler-icon\"><\/span>Informaci\u00f3n Estaci\u00f3n&nbsp; Km 648 DEF038V<\/div><div class=\"su-spoiler-content su-u-clearfix su-u-trim\">\n<p>Referencia: DEF038V<br>Estado: Activa<br>L\u00ednea: TREN PATAGONICO SA<br>Ramal: ROCA<br>Localidad \/ Paraje: INGENIERO JACOBACCI<br>Partido \/ Departamento: VEINTICINCO DE MAYO<br>GRID Locator: FE58dp<\/p>\n<p><strong>Datos de la Activaci\u00f3n<\/strong><br>Fecha de la activaci\u00f3n: 21 AL 24 DE NOVIEMBRE 2025<br>Se\u00f1al distintiva a utilizar: LT4RCA<br>Participantes: SOCIOS de RADIO CLUBES ASOCIADOS al RCA PCIA RIO NEGRO<br>Modos: Fon\u00eda, CW, Digitales<br>Bandas: HF<br>Responsable de la Activaci\u00f3n: Marina Diaz &#8211; LU1VYL<br>Radio Club o Grupo: RADIO CLUBES<br>Web o redes sociales: RCA<br>Confirmaci\u00f3n: E-BUREAU<br>Email:&nbsp;&#x6c;&#117;&#49;v&#x79;&#x6c;&#64;l&#x75;&#x34;&#97;a&#46;&#x6f;&#114;&#103;<br>Comentarios: RADIO CLUBES ASOCIADOS AL RCA ACTIVAREMOS SDE EN:<br>Lugar Ing. Jacobacci, Estaci\u00f3n empalme, ubicada en km 648 de la ruta Nacional 23, y es la estaci\u00f3n que hace la desuni\u00f3n de la v\u00eda TROCHA ANCHA con la Angostura de la TROCHITA.<\/p>\n<\/div><\/div>\n<div class=\"su-spoiler su-spoiler-style-fancy su-spoiler-icon-plus su-spoiler-closed\" data-scroll-offset=\"0\" data-anchor-in-url=\"no\"><div class=\"su-spoiler-title\" tabindex=\"0\" role=\"button\"><span class=\"su-spoiler-icon\"><\/span>Informaci\u00f3n Estaci\u00f3n Gral Rivas DEF487D<\/div><div class=\"su-spoiler-content su-u-clearfix su-u-trim\">\n<p>Referencia:DEF487D<br>Estado: Activa<br>L\u00ednea: San Mart\u00edn<br>Ramal: Retiro \u2013 Junin<br>Localidad \/ Paraje: General Rivas<br>Partido \/ Departamento: Suipacha<br>GRID Locator: GF05cj93<\/p>\n<p><strong>Datos de la Activaci\u00f3n<\/strong><br>Fecha de la activaci\u00f3n: 21, 22 y 23 de noviembre 2025<br>Se\u00f1al distintiva a utilizar: LU5DA\/D<br>Participantes: Miembros del Radio Club R\u00edo de la Plata<br>Modos: Fon\u00eda, Digitales<br>Bandas: HF<br>Responsable de la Activaci\u00f3n: C\u00e9sar An\u00edbal MART\u00cdN &#8211; LW6DCA<br>Radio Club o Grupo: Radio Club R\u00edo de la Plata LU5DA<br>Web o redes sociales: <a href=\"http:\/\/www.lu5da.org.ar\">www.lu5da.org.ar<\/a><br>Confirmaci\u00f3n: via web: <a href=\"http:\/\/www.lu5da.org.ar\">www.lu5da.org.ar<\/a><br>Email: &#108;&#x75;5&#100;&#x61;&#64;&#x6c;u&#53;&#x64;a&#x2e;&#x6f;&#114;&#x67;&#46;&#97;&#x72;<br><\/div><\/div>\n<div class=\"su-spoiler su-spoiler-style-fancy su-spoiler-icon-plus su-spoiler-closed\" data-scroll-offset=\"0\" data-anchor-in-url=\"no\"><div class=\"su-spoiler-title\" tabindex=\"0\" role=\"button\"><span class=\"su-spoiler-icon\"><\/span>Informaci\u00f3n Estaci\u00f3n Zelaya DEF488D<\/div><div class=\"su-spoiler-content su-u-clearfix su-u-trim\">\n<p>Referencia:DEF488D<br>Estado: Activa<br>L\u00ednea: FC MITRE<br>Ramal: VICTORIA \u2013 CAPILLA DEL SE\u00d1OR<br>Localidad \/ Paraje: ZELAYA<br>Partido \/ Departamento: DEL PILAR<br>GRID Locator: GF05np<\/p>\n<p><strong>Datos de la Activaci\u00f3n<\/strong><br>Fecha de la activaci\u00f3n: 21, 22, 23 y 24 de noviembre de 2025.<br>Se\u00f1al distintiva a utilizar: LU7DZV\/D<br>Participantes: LU9DMG-LU1DIP-LU2DOF-LW7DGY-LU2DVG Y OTROS<br>Modos: Fon\u00eda, Digitales<br>Bandas: HF, VHF<br>Responsable de la Activaci\u00f3n: Martin Garcia &#8211; LU9DMG<br>Radio Club o Grupo: Radio Club Gral. Sarmiento<br>Web o redes sociales: <a href=\"https:\/\/www.facebook.com\/radioclub.gralsarmiento\/\">https:\/\/www.facebook.com\/radioclub.gralsarmiento\/<\/a><br>Confirmaci\u00f3n: LDA QRZ EQSL<br>Email: &#x6c;u&#x37;&#100;&#x7a;&#118;&#64;&#x67;&#109;&#x61;&#105;l&#x2e;&#99;&#x6f;&#109;<br><\/div><\/div>\n<div class=\"su-spoiler su-spoiler-style-fancy su-spoiler-icon-plus su-spoiler-closed\" data-scroll-offset=\"0\" data-anchor-in-url=\"no\"><div class=\"su-spoiler-title\" tabindex=\"0\" role=\"button\"><span class=\"su-spoiler-icon\"><\/span>Informaci\u00f3n Estaci\u00f3n Gardey DEF383D<\/div><div class=\"su-spoiler-content su-u-clearfix su-u-trim\">\n<p>Referencia: DEF383D<br>Estado: Activa<br>L\u00ednea: Roca<br>Ramal: Tandil<br>Localidad \/ Paraje: Gardey<br>Partido \/ Departamento: Tandil<br>GRID Locator: GF02hr<\/p>\n<p><strong>Datos de la Activaci\u00f3n<\/strong><br>Fecha de la activaci\u00f3n: 23\/11<br>Se\u00f1al distintiva a utilizar: LU2EE<br>Participantes: Varios<br>Modos: Fon\u00eda, CW<br>Bandas: HF, VHF<br>Responsable de la Activaci\u00f3n: Alfredo Domingues &#8211; LU6DAJ<br>Radio Club o Grupo: Radio Club Tandil<br>Web o redes sociales: <a href=\"https:\/\/lu2ee.org.ar\/\">https:\/\/lu2ee.org.ar\/<\/a><br>Confirmaci\u00f3n: LdA<br>Email: &#x6c;&#117;&#x32;&#x65;&#101;&#x40;&#x79;&#97;&#x68;&#x6f;&#111;&#x2e;&#x63;o&#x6d;&#x2e;a&#x72;<br><\/div><\/div>\n<div class=\"su-spoiler su-spoiler-style-fancy su-spoiler-icon-plus su-spoiler-closed\" data-scroll-offset=\"0\" data-anchor-in-url=\"no\"><div class=\"su-spoiler-title\" tabindex=\"0\" role=\"button\"><span class=\"su-spoiler-icon\"><\/span>Informaci\u00f3n Estaci\u00f3n Lapachito DEF006GA<\/div><div class=\"su-spoiler-content su-u-clearfix su-u-trim\">\n<p>Referencia:DEF006GA<br>Estado: Inactiva<br>L\u00ednea: FERROCARRIL GENERAL BELGRANO<br>Ramal: RAMAL C3<br>Localidad \/ Paraje: LAPACHITO<br>Partido \/ Departamento: GENERAL DONOVAN<br>GRID Locator: GG02hu<\/p>\n<p><strong>Datos de la Activaci\u00f3n<\/strong><br>Fecha de la activaci\u00f3n: 22 Y 23\/11\/25<br>Se\u00f1al distintiva a utilizar: LU4GF\/GA Y L75G<br>Participantes: LU1GFH, LU1GAB, LU1GDG, LU1GAZ, LU2GAC, LU8GCJ, LU8GOX, LU8GMM, LU9GBR, LU9GAH<br>Modos: Fon\u00eda, CW, Digitales<br>Bandas: HF, VHF<br>Responsable de la Activaci\u00f3n: Juan Matto &#8211; LU1GDG<br>Radio Club o Grupo: RC Chaco LU4GF<br>Web o redes sociales: FACEBOOK CHACO RADIO CLUB<br>Confirmaci\u00f3n: FACEBOOK CHACO RADIO CLUB<br>Email: &#x6c;&#x75;&#52;g&#x66;&#x40;&#121;ah&#x6f;&#x6f;&#46;c&#x6f;&#x6d;&#46;&#97;r<\/p>\n<\/div><\/div>\n<div class=\"su-spoiler su-spoiler-style-fancy su-spoiler-icon-plus su-spoiler-closed\" data-scroll-offset=\"0\" data-anchor-in-url=\"no\"><div class=\"su-spoiler-title\" tabindex=\"0\" role=\"button\"><span class=\"su-spoiler-icon\"><\/span>Informaci\u00f3n Estaci\u00f3n Lapachito DEF006GA<\/div><div class=\"su-spoiler-content su-u-clearfix su-u-trim\">\n<p>Referencia:DEF032M<br>Estado: Inactiva<br>L\u00ednea: San Mart\u00edn<br>Ramal: SM25<br>Localidad \/ Paraje: La Batra<br>Partido \/ Departamento: Malarg\u00fce<br>GRID Locator: FF54fe<\/p>\n<p><strong>Datos de la Activaci\u00f3n<\/strong><br>Fecha de la activaci\u00f3n: 21 al 24 de Noviembre de 2025<br>Se\u00f1al distintiva a utilizar: LU2MMR<br>Participantes: LU3HO LU1MBI LU9MHH LU5MBE<br>Modos: Fon\u00eda, CW, Digitales<br>Bandas: HF, VHF<br>Responsable de la Activaci\u00f3n: Andres Travaini &#8211; LU3HO<br>Radio Club o Grupo: Malarg\u00fce Radio Club<br>Web o redes sociales: Instagram<br>Confirmaci\u00f3n: Directa y LOTW<br>Email: &#97;&#x6e;d&#114;&#x65;&#115;&#x74;r&#97;&#x76;a&#x69;&#x6e;&#105;&#x40;g&#109;&#x61;i&#x6c;&#x2e;&#99;&#x6f;m<\/p>\n<\/div><\/div>\n<div class=\"su-spoiler su-spoiler-style-fancy su-spoiler-icon-plus su-spoiler-closed\" data-scroll-offset=\"0\" data-anchor-in-url=\"no\"><div class=\"su-spoiler-title\" tabindex=\"0\" role=\"button\"><span class=\"su-spoiler-icon\"><\/span>Informaci\u00f3n Estaci\u00f3n Posadas DEF001I<\/div><div class=\"su-spoiler-content su-u-clearfix su-u-trim\">\n<p>Referencia: DEF001I<br>Estado: Inactiva<br>L\u00ednea: FC URQUIZA<br>Ramal: FC URQUIZA<br>Localidad \/ Paraje: POSADAS<br>Partido \/ Departamento: CAPITAL<br>GRID Locator: GG22bp<\/p>\n<p><strong>Datos de la Activaci\u00f3n<\/strong><br>Fecha de la activaci\u00f3n: 22-23\/11\/2025<br>Se\u00f1al distintiva a utilizar: LU1IG\/I<br>Participantes: LU1IBA\/LU4IVD\/LU9IMM\/LU7IUE<br>Modos: Fon\u00eda<br>Bandas: HF, VHF, UHF<br>Responsable de la Activaci\u00f3n: Roberto Canepa &#8211; LU1IBA<br>Radio Club o Grupo: RADIO CLUB MISIONES<br>Web o redes sociales: FACEBOOK<br>Confirmaci\u00f3n: ENVIO POR EMAIL (eqsl\/LOTW\/QRZ\/LDA)<br>Email: i&#110;&#x66;&#x6f;&#46;&#108;&#117;&#x31;&#x69;g&#64;&#x67;&#x6d;a&#105;&#108;&#x2e;&#x63;o&#109;<\/p>\n<\/div><\/div>\n<div class=\"su-spoiler su-spoiler-style-fancy su-spoiler-icon-plus su-spoiler-closed\" data-scroll-offset=\"0\" data-anchor-in-url=\"no\"><div class=\"su-spoiler-title\" tabindex=\"0\" role=\"button\"><span class=\"su-spoiler-icon\"><\/span>Informaci\u00f3n Estaci\u00f3n Bah\u00eda Blanca Sud DEF003D<\/div><div class=\"su-spoiler-content su-u-clearfix su-u-trim\">\n<p>Referencia:DEF003D<br>Estado: Inactiva<br>L\u00ednea: (ex) Ferrocarril General Roca<br>Ramal: El ramal un\u00eda la ciudad de Bah\u00eda Blanca con Plaza Constituci\u00f3n<br>Localidad \/ Paraje: Bah\u00eda Blanca<br>Partido \/ Departamento: Bahia Blanca<br>GRID Locator: FF81ug<\/p>\n<p><strong>Datos de la Activaci\u00f3n<\/strong><br>Fecha de la activaci\u00f3n: 22 de Noviembre 2025<br>Se\u00f1al distintiva a utilizar: LU7DBL<br>Participantes: LU4EOU \u2013 LW9EJM \u2013 LU5ESL \u2013 LUDHE<br>Modos: Fon\u00eda<br>Bandas: HF, VHF<br>Responsable de la Activaci\u00f3n: Mario Fazio &#8211; LU4EOU<br>Radio Club o Grupo: RADIO CLUB BAH\u00cdA BLANCA<br>Web o redes sociales: https:\/\/lu7dbl.blogspot.com\/<br>Confirmaci\u00f3n: QRZ \u2013 LDA \u2013 EQSL \u2013 qs&#108;&#46;&#108;&#x75;&#x37;&#x64;&#x62;&#x6c;&#64;g&#109;&#97;&#105;&#x6c;&#x2e;&#x63;&#x6f;&#x6d;<br>Email: &#115;&#x65;&#99;&#x72;e&#x74;a&#114;&#x69;&#97;&#x2e;&#108;&#x75;7&#x64;b&#108;&#x40;&#103;&#x6d;a&#x69;l&#x2e;&#x63;&#111;&#x6d;<\/p>\n<\/div><\/div>\n<div class=\"su-spoiler su-spoiler-style-fancy su-spoiler-icon-plus su-spoiler-closed\" data-scroll-offset=\"0\" data-anchor-in-url=\"no\"><div class=\"su-spoiler-title\" tabindex=\"0\" role=\"button\"><span class=\"su-spoiler-icon\"><\/span>Informaci\u00f3n Estaci\u00f3n La Clarita DEF018J<\/div><div class=\"su-spoiler-content su-u-clearfix su-u-trim\">\n<p>Referencia: DEF018J<br>Estado: Inactiva<br>L\u00ednea: Ferrocarril General Urquiza<br>Ramal: Caseros \u2013 San Salvador<br>Localidad \/ Paraje: La Clarita<br>Partido \/ Departamento: Colon<br>GRID Locator: GF08ta<\/p>\n<p><strong>Datos de la Activaci\u00f3n<\/strong><br>Fecha de la activaci\u00f3n: 22\/11\/2025<br>Se\u00f1al distintiva a utilizar: LU5JU\/J<br>Participantes: LU1JAR, LU4JEA Y Otros<br>Modos: Fon\u00eda<br>Bandas: HF<br>Responsable de la Activaci\u00f3n: Adhemar Enzo Guiffrey &#8211; LU4JEA<br>Radio Club o Grupo: R. C. Concepci\u00f3n del Uruguay<br>Web o redes sociales: QRZ.COM de LU5JU<br>Confirmaci\u00f3n: QSL Via E-mail, Qrz.com y Log de Argentina<br>Email: l&#117;&#x34;&#x6a;&#x65;a&#64;&#x67;&#x6d;&#x61;i&#108;&#x2e;&#x63;&#x6f;m<\/p>\n<\/div><\/div>\n<div class=\"su-spoiler su-spoiler-style-fancy su-spoiler-icon-plus su-spoiler-closed\" data-scroll-offset=\"0\" data-anchor-in-url=\"no\"><div class=\"su-spoiler-title\" tabindex=\"0\" role=\"button\"><span class=\"su-spoiler-icon\"><\/span>Informaci\u00f3n Estaci\u00f3n Arroyo Baru DEF019J<\/div><div class=\"su-spoiler-content su-u-clearfix su-u-trim\">\n<p>Referencia: DEF019J<br>Estado: Inactiva<br>L\u00ednea: Ferrocarril General Urquiza<br>Ramal: Caseros \u2013 San Salvador<br>Localidad \/ Paraje: Arroyo Baru<br>Partido \/ Departamento: Colon<br>GRID Locator: GF08sd<\/p>\n<p><strong>Datos de la Activaci\u00f3n<\/strong><br>Fecha de la activaci\u00f3n: 23\/11\/2025<br>Se\u00f1al distintiva a utilizar: LU5JU\/J<br>Participantes: LU8JNS, LU4JEA y otros<br>Modos: Fon\u00eda<br>Bandas: HF<br>Responsable de la Activaci\u00f3n: Adhemar Enzo Guiffrey &#8211; LU4JEA<br>Radio Club o Grupo: R. C. Concepci\u00f3n del Uruguay<br>Web o redes sociales: QRZ.COM de LU5JU<br>Confirmaci\u00f3n: QSL Via E-mail, Qrz.com y Log de Argentina<br>Email: &#x6c;&#x75;&#52;&#106;ea&#x40;&#x67;&#x6d;&#97;il&#x2e;&#x63;&#x6f;&#109;<\/p>\n<\/div><\/div>\n<div class=\"su-spoiler su-spoiler-style-fancy su-spoiler-icon-plus su-spoiler-closed\" data-scroll-offset=\"0\" data-anchor-in-url=\"no\"><div class=\"su-spoiler-title\" tabindex=\"0\" role=\"button\"><span class=\"su-spoiler-icon\"><\/span>Informaci\u00f3n Estaci\u00f3n Alemania DEF003O<\/div><div class=\"su-spoiler-content su-u-clearfix su-u-trim\">\n<p>Referencia:DEF003O<br>Estado: Inactiva<br>L\u00ednea: General Belgrano<br>Ramal: C13<br>Localidad \/ Paraje: Aleman\u00eda<br>Partido \/ Departamento: Guachipas<br>GRID Locator: FG74ej<\/p>\n<p><strong>Datos de la Activaci\u00f3n<\/strong><br>Fecha de la activaci\u00f3n: 23 y 24 de Noviembre de 2025<br>Se\u00f1al distintiva a utilizar: LU5OIJ \u2013 LU9OTA<br>Participantes: LU5OIJ \u2013 LU9OTA<br>Modos: Fon\u00eda, Digitales<br>Bandas: HF, VHF<br>Responsable de la Activaci\u00f3n: Mar\u00eda Juliana Isola &#8211; LU5OIJ<br>Radio Club o Grupo: INDIVIDUAL<br>Web o redes sociales: FACEBOOK JULIANAISOLA<br>Confirmaci\u00f3n: EQSL \u2013 QRZ \u2013 LDA \u2013 LoTW \u2013 ClubLog<br>Email: l&#117;&#x35;&#x6f;&#x69;j&#46;&#106;&#x75;&#x6c;i&#97;&#110;&#x61;&#x40;gm&#97;&#x69;&#x6c;&#x2e;c&#111;&#x6d;<\/p>\n<\/div><\/div>\n<div class=\"su-spoiler su-spoiler-style-fancy su-spoiler-icon-plus su-spoiler-closed\" data-scroll-offset=\"0\" data-anchor-in-url=\"no\"><div class=\"su-spoiler-title\" tabindex=\"0\" role=\"button\"><span class=\"su-spoiler-icon\"><\/span>Informaci\u00f3n Estaci\u00f3n Dolores DEF410D<\/div><div class=\"su-spoiler-content su-u-clearfix su-u-trim\">\n<p>Referencia: DEF410D<br>Estado: Activa<br>L\u00ednea: GENERAL ROCA<br>Ramal: CONSTITUCION-MAR DEL PLATA-PINAMAR<br>Localidad \/ Paraje: DOLORES-BS. AS.<br>Partido \/ Departamento: DOLORES<br>GRID Locator: GF13dq<\/p>\n<p><strong>Datos de la Activaci\u00f3n<\/strong><br>Fecha de la activaci\u00f3n: 15-11-2025<br>Se\u00f1al distintiva a utilizar: LU8DAL\/D<br>Participantes: LU8DAL<br>Modos: Fon\u00eda<br>Bandas: HF<br>Responsable de la Activaci\u00f3n: Gilberto Juan Tuchi &#8211; LU8DAL<br>Radio Club o Grupo: CIRCULO de RADIOAFICIONADOS de DOLORES<br>Web o redes sociales: 2245509127<br>Confirmaci\u00f3n: CONFIRMADO<br>Email:&nbsp;<a href=\"&#x6d;&#x61;&#x69;&#x6c;&#116;&#111;&#58;lu&#x38;&#x64;&#x61;&#x6c;&#x40;&#104;&#111;&#116;ma&#x69;&#x6c;&#x2e;&#x63;&#x6f;&#109;\">&#108;&#x75;&#56;&#x64;&#97;&#x6c;&#64;&#x68;&#111;&#x74;&#109;&#x61;&#105;&#x6c;&#46;&#x63;&#111;&#x6d;<\/a><\/p>\n<\/div><\/div>\n<div class=\"su-spoiler su-spoiler-style-fancy su-spoiler-icon-plus su-spoiler-closed\" data-scroll-offset=\"0\" data-anchor-in-url=\"no\"><div class=\"su-spoiler-title\" tabindex=\"0\" role=\"button\"><span class=\"su-spoiler-icon\"><\/span>Informaci\u00f3n Estaci\u00f3n Presidente Ortiz (ex Talleres Km 5) DEF033W<\/div><div class=\"su-spoiler-content su-u-clearfix su-u-trim\">\n<p>Referencia:DEF033W<br>Estado: Inactiva<br>L\u00ednea: Comodoro Rivadavia \u2013 Cnia. Sarmiento<br>Ramal: 105<br>Localidad \/ Paraje: Comodoro Rivadavia<br>Partido \/ Departamento: R105<br>GRID Locator: FE64ge<\/p>\n<p><strong>Datos de la Activaci\u00f3n<\/strong><br>Fecha de la activaci\u00f3n: 22\/11\/2025 \u2013 23\/11\/2025<br>Se\u00f1al distintiva a utilizar: LU2WA\/W<br>Participantes: LU5WEC LU9WZX LU9WT LU1WFM LU5WA Y OTROS<br>Modos: Fon\u00eda, CW, Digitales<br>Bandas: HF<br>Responsable de la Activaci\u00f3n: Marcelo Sinski &#8211; LU9WZX<br>Radio Club o Grupo: Radio Club Comodoro Rivadavia LU2WA<br>Web o redes sociales: lu2wa.com.ar<br>Confirmaci\u00f3n: email, qrz, lda<br>Email: &#x6c;&#117;&#50;w&#x61;&#x2e;&#99;r&#x40;&#x67;&#109;a&#x69;&#x6c;&#46;c&#x6f;&#x6d;<\/p>\n<\/div><\/div>\n<div class=\"su-spoiler su-spoiler-style-fancy su-spoiler-icon-plus su-spoiler-closed\" data-scroll-offset=\"0\" data-anchor-in-url=\"no\"><div class=\"su-spoiler-title\" tabindex=\"0\" role=\"button\"><span class=\"su-spoiler-icon\"><\/span>Informaci\u00f3n Estaci\u00f3n General Pico DEF005U<\/div><div class=\"su-spoiler-content su-u-clearfix su-u-trim\">\n<p>Referencia: DEF005U<br>Estado: Inactiva<br>L\u00ednea: SARMIENTO<br>Ramal: Gonzalez Moreno a M.Nievas<br>Localidad \/ Paraje: GENERAL PICO<br>Partido \/ Departamento: MARACO<br>GRID Locator: FF84CI<\/p>\n<p><strong>Datos de la Activaci\u00f3n<\/strong><br>Fecha de la activaci\u00f3n: 22\/11\/25 Y 23\/11\/25<br>Se\u00f1al distintiva a utilizar: LU1UG\/U<br>Participantes: LU5UEB, LU3UBB, LU5UEA, LU3UAD, LU8UMS, LU5UFM<br>Modos: Fon\u00eda, CW, Digitales<br>Bandas: HF, VHF, UHF<br>Responsable de la Activaci\u00f3n: Federico Mainz &#8211; LU5UFM<br>Radio Club o Grupo: RADIO CLUB PAMPEANO (FFCC GROUP)<br>Web o redes sociales:&nbsp;<a href=\"https:\/\/www.facebook.com\/radioclub.pampeano\">https:\/\/www.facebook.com\/radioclub.pampeano<\/a><br>Confirmaci\u00f3n:&nbsp;<a href=\"https:\/\/www.facebook.com\/radioclub.pampeano\">https:\/\/www.facebook.com\/radioclub.pampeano<\/a><br>Email:&nbsp;&#76;&#x55;&#x35;&#85;&#x46;&#x4d;&#64;&#x47;&#x4d;&#65;&#x49;&#x4c;&#46;&#x43;&#x4f;&#77;<\/p>\n<\/div><\/div>\n<div class=\"su-spoiler su-spoiler-style-fancy su-spoiler-icon-plus su-spoiler-closed\" data-scroll-offset=\"0\" data-anchor-in-url=\"no\"><div class=\"su-spoiler-title\" tabindex=\"0\" role=\"button\"><span class=\"su-spoiler-icon\"><\/span>Informaci\u00f3n Estaci\u00f3n Tandil DEF481D<\/div><div class=\"su-spoiler-content su-u-clearfix su-u-trim\">\n<p>Referencia: DEF481D<br>Estado: Inactiva<br>L\u00ednea: ROCA<br>Ramal: ROCA<br>Localidad \/ Paraje: TANDIL<br>Partido \/ Departamento: TANDIL<br>GRID Locator: GF02KQ<\/p>\n<p><b>Datos de la Activaci\u00f3n<\/b><br>Fecha de la activaci\u00f3n: 22\/11\/25<br>Se\u00f1al distintiva a utilizar: LU9DBP<br>Participantes: LU9DBP<br>Modos: Fon\u00eda<br>Bandas: HF<br>Responsable de la Activaci\u00f3n: PABLO BARRIOS &#8211; LU9DBP<br>Radio Club o Grupo: INDIVIDUAL<br>Web o redes sociales: NO<br>Confirmaci\u00f3n: ?<br>Email: P&#65;&#66;&#x4c;&#x4f;L&#85;&#57;&#x44;&#x42;&#x50;&#64;&#71;&#77;&#x41;&#x49;L&#46;&#67;&#x4f;&#x4d;<\/p>\n<\/div><\/div>\n<p><!-- \/wp:paragraph --><\/p>\n<p><!-- wp:paragraph --><\/p>\n<p><!-- \/wp:paragraph --><\/p>\n<p><!-- wp:paragraph --><\/p>\n<p><!-- \/wp:paragraph --><\/p>\n<p><!-- wp:paragraph --><\/p>\n<p><!-- \/wp:paragraph --><\/p>\n<p><!-- wp:paragraph --><\/p>\n<p><!-- \/wp:paragraph --><\/p>","protected":false},"excerpt":{"rendered":"<p>El Radio Club Argentino convoca a Radioaficionados, Radio Clubes y Grupos de Radio a participar de la 16\u00ba Jornada Radial Ferroviaria Argentina, que se llevar\u00e1 a cabo los d\u00edas 21, 22, 23<a class=\"moretag\" href=\"https:\/\/www.lu4aa.org\/wp\/16-jornada-radial-ferroviaria-argentina\/\">Leer m\u00e1s&#8230;<\/a><\/p>\n","protected":false},"author":10,"featured_media":4161,"parent":0,"menu_order":0,"comment_status":"closed","ping_status":"closed","template":"","meta":{"ngg_post_thumbnail":0,"footnotes":""},"class_list":["post-26304","page","type-page","status-publish","has-post-thumbnail","hentry"],"_links":{"self":[{"href":"https:\/\/www.lu4aa.org\/wp\/wp-json\/wp\/v2\/pages\/26304","targetHints":{"allow":["GET"]}}],"collection":[{"href":"https:\/\/www.lu4aa.org\/wp\/wp-json\/wp\/v2\/pages"}],"about":[{"href":"https:\/\/www.lu4aa.org\/wp\/wp-json\/wp\/v2\/types\/page"}],"author":[{"embeddable":true,"href":"https:\/\/www.lu4aa.org\/wp\/wp-json\/wp\/v2\/users\/10"}],"replies":[{"embeddable":true,"href":"https:\/\/www.lu4aa.org\/wp\/wp-json\/wp\/v2\/comments?post=26304"}],"version-history":[{"count":18,"href":"https:\/\/www.lu4aa.org\/wp\/wp-json\/wp\/v2\/pages\/26304\/revisions"}],"predecessor-version":[{"id":26508,"href":"https:\/\/www.lu4aa.org\/wp\/wp-json\/wp\/v2\/pages\/26304\/revisions\/26508"}],"wp:featuredmedia":[{"embeddable":true,"href":"https:\/\/www.lu4aa.org\/wp\/wp-json\/wp\/v2\/media\/4161"}],"wp:attachment":[{"href":"https:\/\/www.lu4aa.org\/wp\/wp-json\/wp\/v2\/media?parent=26304"}],"curies":[{"name":"wp","href":"https:\/\/api.w.org\/{rel}","templated":true}]}}